{"id":12497,"date":"2016-03-03T19:46:57","date_gmt":"2016-03-03T19:46:57","guid":{"rendered":"http:\/\/www.nardosalento.com\/de\/reserver\/"},"modified":"2026-08-26T10:45:43","modified_gmt":"2026-08-26T08:45:43","slug":"buchen","status":"publish","type":"page","link":"https:\/\/www.nardosalento.com\/de\/buchen\/","title":{"rendered":"Buchen"},"content":{"rendered":"<p style=\"text-align: center;\"><script><span data-mce-type=\"bookmark\" style=\"display: inline-block; width: 0px; overflow: hidden; line-height: 0;\" class=\"mce_SELRES_start\">\ufeff<\/span>\n  (function (w,i,d,g,e,t,s) {w[d] = w[d]||[];t= i.createElement(g);\n    t.async=1;t.src=e;s=i.getElementsByTagName(g)[0];s.parentNode.insertBefore(t, s);\n  })(window, document, '_gscq','script','\/\/widgets.getsitecontrol.com\/125819\/script.js');\n<\/script><\/p>\n<p><span class=\"_1vwisb38\" data-testid=\"youchat-text\"><strong>Letzte Verf\u00fcgbarkeiten f\u00fcr September!<\/strong><br \/>\nProfitieren Sie von einem\u00a0<strong>Sonderangebot von -20%<\/strong>\u00a0f\u00fcr jeden Aufenthalt ab mindestens 5 N\u00e4chten im September.<br \/>\n<em>Angebot nicht mit anderen Rabatten kombinierbar.<\/em><\/span><\/p>\n<ul class=\"_1vwisb37\">\n<li class=\"f7g24p0\" translate=\"no\"><strong>La Botte<\/strong>: 3. bis 8. September<\/li>\n<li class=\"f7g24p0\" translate=\"no\"><strong>La Corte<\/strong>: 5. bis 20. September<\/li>\n<li class=\"f7g24p0\" translate=\"no\"><strong>Agrumeto<\/strong>: 13. bis 22. September<\/li>\n<li class=\"f7g24p0\" translate=\"no\"><strong>Angelo Custode<\/strong>\u00a0und\u00a0<strong>Teatro<\/strong>: Im September ausgebucht<\/li>\n<li class=\"f7g24p0\" translate=\"no\"><strong>Weitere Optionen in unserem Netzwerk<\/strong>: Kontaktieren Sie uns<\/li>\n<\/ul>\n<p><span class=\"_1vwisb38\" data-testid=\"youchat-text\">Warten Sie nicht, um Ihren Aufenthalt zu buchen \u2013 sei es f\u00fcr diesen Sommer oder f\u00fcr das Jahresende!<\/span><\/p>\n<p>&nbsp;<\/p>\n<p><a href=\"https:\/\/www.nardosalento.com\/wp-content\/uploads\/2014\/03\/reservation.jpg\" data-rel=\"prettyPhoto[12497]\"><img loading=\"lazy\" decoding=\"async\" class=\"wp-image-10305 alignleft\" style=\"margin-left: 10px; margin-right: 10px;\" src=\"https:\/\/www.nardosalento.com\/wp-content\/uploads\/2014\/03\/reservation.jpg\" alt=\"reservation\" width=\"162\" height=\"92\" \/><\/a><\/p>\n<p><span class=\"_1vwisb38\" data-testid=\"youchat-text\">Wenn Sie Fragen haben, die Verf\u00fcgbarkeit pr\u00fcfen oder eine oder mehrere Unterk\u00fcnfte buchen m\u00f6chten, z\u00f6gern Sie bitte nicht, uns zu kontaktieren. <\/span><span class=\"_1vwisb38\" data-testid=\"youchat-text\">Wir bieten <strong>f\u00fcnf Unterk\u00fcnfte<\/strong> an und arbeiten zudem mit anderen Eigent\u00fcmern zusammen, um Ihnen <strong>weitere Optionen<\/strong> anbieten zu k\u00f6nnen.<\/span><span class=\"_1vwisb38\" data-testid=\"youchat-text\">Sie k\u00f6nnen uns direkt unter\u00a0<strong><a class=\"_1be38o0\" href=\"mailto:ciao@nardosalento.com?utm_source=you.com\" target=\"_blank\" rel=\"noopener noreferrer\">ciao@nardosalento.com<\/a><\/strong>\u00a0erreichen und uns folgende Informationen mitteilen:<\/span><\/p>\n<ul class=\"_1vwisb37\">\n<li class=\"f7g24p0\" translate=\"no\"><strong>Gew\u00fcnschte Unterkunft<\/strong>:\n<ul class=\"_1vwisb37\">\n<li class=\"f7g24p0\" translate=\"no\"><strong><em>La Botte<\/em><\/strong>: F\u00fcr 2 Personen<\/li>\n<li class=\"f7g24p0\" translate=\"no\"><strong><em>Teatro, Angelo Custode und Agrumeto (mit Tauchbecken)<\/em><\/strong>: Jeweils f\u00fcr bis zu 4 Personen<\/li>\n<li class=\"f7g24p0\" translate=\"no\"><strong><em>La Corte<\/em><\/strong>: F\u00fcr bis zu 8 Personen, aber auch ideal f\u00fcr 4 geeignet<\/li>\n<\/ul>\n<\/li>\n<li class=\"f7g24p0\" translate=\"no\"><strong>Gew\u00fcnschte An- und Abreisedaten<\/strong><\/li>\n<li class=\"f7g24p0\" translate=\"no\"><strong>Anzahl der Erwachsenen und Kinder<\/strong><\/li>\n<\/ul>\n<p><span class=\"_1vwisb38\" data-testid=\"youchat-text\">Alternativ k\u00f6nnen Sie auch das unten stehende <strong>Kontaktformular<\/strong> ausf\u00fcllen und auf \u201eSenden\u201c klicken. <\/span><\/p>\n<p><span class=\"_1vwisb38\" data-testid=\"youchat-text\">F\u00fcr gr\u00f6\u00dfere Gruppen, wie z. B. Gro\u00dffamilien oder Freundesgruppen, pr\u00fcfen wir gerne die Verf\u00fcgbarkeit mehrerer Unterk\u00fcnfte, um die beste L\u00f6sung f\u00fcr Sie zu finden. Sollten unsere Unterk\u00fcnfte zu den gew\u00fcnschten Terminen nicht verf\u00fcgbar sein, schlagen wir Ihnen dank unserer Zusammenarbeit mit anderen Eigent\u00fcmern gerne alternative Optionen vor.<\/span><\/p>\n<p><span class=\"_1vwisb38\" data-testid=\"youchat-text\">Unsere Preise und Mietkonditionen finden Sie auf der Seite\u00a0<em><strong>Preise<\/strong><\/em>.<\/span><\/p>\n<p><span class=\"_1vwisb38\" data-testid=\"youchat-text\">Wir melden uns so schnell wie m\u00f6glich bei Ihnen!<\/span><\/p>\n<p><span class=\"_1vwisb38\" data-testid=\"youchat-text\">Mit besten Gr\u00fc\u00dfen,<br \/>\nVincent<\/span><\/p>\n<p><span class=\"_1vwisb38\" data-testid=\"youchat-text\">P.S. Wir arbeiten gerade an einem vollst\u00e4ndigen Redesign unserer Website, um Ihnen ein reibungsloseres und noch angenehmeres Nutzererlebnis zu bieten. Die neue Version wird sp\u00e4ter in diesem Jahr online gehen \u2013 bleiben Sie gespannt!<\/span><\/p>\n<p>&nbsp;<\/p>\n<p>&nbsp;<\/p>\n<p>&nbsp;<\/p>\n<p>&nbsp;<\/p>\n","protected":false},"excerpt":{"rendered":"<p>Letzte Verf\u00fcgbarkeiten f\u00fcr September! Profitieren Sie von einem\u00a0Sonderangebot von -20%\u00a0f\u00fcr jeden Aufenthalt ab mindestens 5 N\u00e4chten im September. Angebot nicht mit anderen Rabatten kombinierbar. La Botte: 3. bis 8. September La Corte: 5. bis 20. September Agrumeto: 13. bis 22. September Angelo Custode\u00a0und\u00a0Teatro: Im September ausgebucht Weitere Optionen in unserem[&#8230;]<\/p>\n","protected":false},"author":2,"featured_media":0,"parent":0,"menu_order":0,"comment_status":"open","ping_status":"open","template":"template-booking.php","meta":{"_monsterinsights_skip_tracking":false,"footnotes":""},"class_list":["post-12497","page","type-page","status-publish","hentry"],"yoast_head":"<!-- This site is optimized with the Yoast SEO Premium plugin v28.3 (Yoast SEO v28.3) - https:\/\/yoast.com\/product\/yoast-seo-premium-wordpress\/ -->\n<title>Buchen | NARD\u00d2SALENTO<\/title>\n<meta name=\"description\" content=\"F\u00fcr Buchungen oder Fragen zur Verf\u00fcgbarkeit, kontaktieren Sie uns bitte mit Angabe Ihrer gew\u00fcnschten An- und Abreisedaten und der Personenzahl.\" \/>\n<meta name=\"robots\" content=\"index, follow, max-snippet:-1, max-image-preview:large, max-video-preview:-1\" \/>\n<link rel=\"canonical\" href=\"https:\/\/www.nardosalento.com\/de\/buchen\/\" \/>\n<meta property=\"og:locale\" content=\"de_DE\" \/>\n<meta property=\"og:type\" content=\"article\" \/>\n<meta property=\"og:title\" content=\"Buchen\" \/>\n<meta property=\"og:description\" content=\"F\u00fcr Buchungen oder Fragen zur Verf\u00fcgbarkeit, kontaktieren Sie uns bitte mit Angabe Ihrer gew\u00fcnschten An- und Abreisedaten und der Personenzahl.\" \/>\n<meta property=\"og:url\" content=\"https:\/\/www.nardosalento.com\/de\/buchen\/\" \/>\n<meta property=\"og:site_name\" content=\"NARD\u00d2SALENTO\" \/>\n<meta property=\"article:publisher\" content=\"https:\/\/www.facebook.com\/vincent.decat\" \/>\n<meta property=\"article:modified_time\" content=\"2026-08-26T08:45:43+00:00\" \/>\n<meta name=\"twitter:card\" content=\"summary_large_image\" \/>\n<meta name=\"twitter:label1\" content=\"Gesch\u00e4tzte Lesezeit\" \/>\n\t<meta name=\"twitter:data1\" content=\"2\u00a0Minuten\" \/>\n<script type=\"application\/ld+json\" class=\"yoast-schema-graph\">{\"@context\":\"https:\\\/\\\/schema.org\",\"@graph\":[{\"@type\":\"WebPage\",\"@id\":\"https:\\\/\\\/www.nardosalento.com\\\/de\\\/buchen\\\/\",\"url\":\"https:\\\/\\\/www.nardosalento.com\\\/de\\\/buchen\\\/\",\"name\":\"Buchen | NARD\u00d2SALENTO\",\"isPartOf\":{\"@id\":\"https:\\\/\\\/www.nardosalento.com\\\/de\\\/#website\"},\"primaryImageOfPage\":{\"@id\":\"https:\\\/\\\/www.nardosalento.com\\\/de\\\/buchen\\\/#primaryimage\"},\"image\":{\"@id\":\"https:\\\/\\\/www.nardosalento.com\\\/de\\\/buchen\\\/#primaryimage\"},\"thumbnailUrl\":\"https:\\\/\\\/www.nardosalento.com\\\/wp-content\\\/uploads\\\/2014\\\/03\\\/reservation.jpg\",\"datePublished\":\"2016-03-03T19:46:57+00:00\",\"dateModified\":\"2026-08-26T08:45:43+00:00\",\"description\":\"F\u00fcr Buchungen oder Fragen zur Verf\u00fcgbarkeit, kontaktieren Sie uns bitte mit Angabe Ihrer gew\u00fcnschten An- und Abreisedaten und der Personenzahl.\",\"breadcrumb\":{\"@id\":\"https:\\\/\\\/www.nardosalento.com\\\/de\\\/buchen\\\/#breadcrumb\"},\"inLanguage\":\"de\",\"potentialAction\":[{\"@type\":\"ReadAction\",\"target\":[\"https:\\\/\\\/www.nardosalento.com\\\/de\\\/buchen\\\/\"]}]},{\"@type\":\"ImageObject\",\"inLanguage\":\"de\",\"@id\":\"https:\\\/\\\/www.nardosalento.com\\\/de\\\/buchen\\\/#primaryimage\",\"url\":\"https:\\\/\\\/www.nardosalento.com\\\/wp-content\\\/uploads\\\/2014\\\/03\\\/reservation.jpg\",\"contentUrl\":\"https:\\\/\\\/www.nardosalento.com\\\/wp-content\\\/uploads\\\/2014\\\/03\\\/reservation.jpg\"},{\"@type\":\"BreadcrumbList\",\"@id\":\"https:\\\/\\\/www.nardosalento.com\\\/de\\\/buchen\\\/#breadcrumb\",\"itemListElement\":[{\"@type\":\"ListItem\",\"position\":1,\"name\":\"Home\",\"item\":\"https:\\\/\\\/www.nardosalento.com\\\/de\\\/\"},{\"@type\":\"ListItem\",\"position\":2,\"name\":\"Buchen\"}]},{\"@type\":\"WebSite\",\"@id\":\"https:\\\/\\\/www.nardosalento.com\\\/de\\\/#website\",\"url\":\"https:\\\/\\\/www.nardosalento.com\\\/de\\\/\",\"name\":\"NARD\u00d2SALENTO\",\"description\":\"Boutique Appartements im Herzen von Salento\",\"publisher\":{\"@id\":\"https:\\\/\\\/www.nardosalento.com\\\/de\\\/#organization\"},\"potentialAction\":[{\"@type\":\"SearchAction\",\"target\":{\"@type\":\"EntryPoint\",\"urlTemplate\":\"https:\\\/\\\/www.nardosalento.com\\\/de\\\/?s={search_term_string}\"},\"query-input\":{\"@type\":\"PropertyValueSpecification\",\"valueRequired\":true,\"valueName\":\"search_term_string\"}}],\"inLanguage\":\"de\"},{\"@type\":\"Organization\",\"@id\":\"https:\\\/\\\/www.nardosalento.com\\\/de\\\/#organization\",\"name\":\"NARD\u00d2SALENTO\",\"url\":\"https:\\\/\\\/www.nardosalento.com\\\/de\\\/\",\"logo\":{\"@type\":\"ImageObject\",\"inLanguage\":\"de\",\"@id\":\"https:\\\/\\\/www.nardosalento.com\\\/de\\\/#\\\/schema\\\/logo\\\/image\\\/\",\"url\":\"https:\\\/\\\/www.nardosalento.com\\\/wp-content\\\/uploads\\\/2014\\\/03\\\/Touch_icon114x114.gif\",\"contentUrl\":\"https:\\\/\\\/www.nardosalento.com\\\/wp-content\\\/uploads\\\/2014\\\/03\\\/Touch_icon114x114.gif\",\"width\":114,\"height\":114,\"caption\":\"NARD\u00d2SALENTO\"},\"image\":{\"@id\":\"https:\\\/\\\/www.nardosalento.com\\\/de\\\/#\\\/schema\\\/logo\\\/image\\\/\"},\"sameAs\":[\"https:\\\/\\\/www.facebook.com\\\/vincent.decat\",\"https:\\\/\\\/www.instagram.com\\\/nardosalento\\\/\"]}]}<\/script>\n<!-- \/ Yoast SEO Premium plugin. -->","yoast_head_json":{"title":"Buchen | NARD\u00d2SALENTO","description":"F\u00fcr Buchungen oder Fragen zur Verf\u00fcgbarkeit, kontaktieren Sie uns bitte mit Angabe Ihrer gew\u00fcnschten An- und Abreisedaten und der Personenzahl.","robots":{"index":"index","follow":"follow","max-snippet":"max-snippet:-1","max-image-preview":"max-image-preview:large","max-video-preview":"max-video-preview:-1"},"canonical":"https:\/\/www.nardosalento.com\/de\/buchen\/","og_locale":"de_DE","og_type":"article","og_title":"Buchen","og_description":"F\u00fcr Buchungen oder Fragen zur Verf\u00fcgbarkeit, kontaktieren Sie uns bitte mit Angabe Ihrer gew\u00fcnschten An- und Abreisedaten und der Personenzahl.","og_url":"https:\/\/www.nardosalento.com\/de\/buchen\/","og_site_name":"NARD\u00d2SALENTO","article_publisher":"https:\/\/www.facebook.com\/vincent.decat","article_modified_time":"2026-08-26T08:45:43+00:00","twitter_card":"summary_large_image","twitter_misc":{"Gesch\u00e4tzte Lesezeit":"2\u00a0Minuten"},"schema":{"@context":"https:\/\/schema.org","@graph":[{"@type":"WebPage","@id":"https:\/\/www.nardosalento.com\/de\/buchen\/","url":"https:\/\/www.nardosalento.com\/de\/buchen\/","name":"Buchen | NARD\u00d2SALENTO","isPartOf":{"@id":"https:\/\/www.nardosalento.com\/de\/#website"},"primaryImageOfPage":{"@id":"https:\/\/www.nardosalento.com\/de\/buchen\/#primaryimage"},"image":{"@id":"https:\/\/www.nardosalento.com\/de\/buchen\/#primaryimage"},"thumbnailUrl":"https:\/\/www.nardosalento.com\/wp-content\/uploads\/2014\/03\/reservation.jpg","datePublished":"2016-03-03T19:46:57+00:00","dateModified":"2026-08-26T08:45:43+00:00","description":"F\u00fcr Buchungen oder Fragen zur Verf\u00fcgbarkeit, kontaktieren Sie uns bitte mit Angabe Ihrer gew\u00fcnschten An- und Abreisedaten und der Personenzahl.","breadcrumb":{"@id":"https:\/\/www.nardosalento.com\/de\/buchen\/#breadcrumb"},"inLanguage":"de","potentialAction":[{"@type":"ReadAction","target":["https:\/\/www.nardosalento.com\/de\/buchen\/"]}]},{"@type":"ImageObject","inLanguage":"de","@id":"https:\/\/www.nardosalento.com\/de\/buchen\/#primaryimage","url":"https:\/\/www.nardosalento.com\/wp-content\/uploads\/2014\/03\/reservation.jpg","contentUrl":"https:\/\/www.nardosalento.com\/wp-content\/uploads\/2014\/03\/reservation.jpg"},{"@type":"BreadcrumbList","@id":"https:\/\/www.nardosalento.com\/de\/buchen\/#breadcrumb","itemListElement":[{"@type":"ListItem","position":1,"name":"Home","item":"https:\/\/www.nardosalento.com\/de\/"},{"@type":"ListItem","position":2,"name":"Buchen"}]},{"@type":"WebSite","@id":"https:\/\/www.nardosalento.com\/de\/#website","url":"https:\/\/www.nardosalento.com\/de\/","name":"NARD\u00d2SALENTO","description":"Boutique Appartements im Herzen von Salento","publisher":{"@id":"https:\/\/www.nardosalento.com\/de\/#organization"},"potentialAction":[{"@type":"SearchAction","target":{"@type":"EntryPoint","urlTemplate":"https:\/\/www.nardosalento.com\/de\/?s={search_term_string}"},"query-input":{"@type":"PropertyValueSpecification","valueRequired":true,"valueName":"search_term_string"}}],"inLanguage":"de"},{"@type":"Organization","@id":"https:\/\/www.nardosalento.com\/de\/#organization","name":"NARD\u00d2SALENTO","url":"https:\/\/www.nardosalento.com\/de\/","logo":{"@type":"ImageObject","inLanguage":"de","@id":"https:\/\/www.nardosalento.com\/de\/#\/schema\/logo\/image\/","url":"https:\/\/www.nardosalento.com\/wp-content\/uploads\/2014\/03\/Touch_icon114x114.gif","contentUrl":"https:\/\/www.nardosalento.com\/wp-content\/uploads\/2014\/03\/Touch_icon114x114.gif","width":114,"height":114,"caption":"NARD\u00d2SALENTO"},"image":{"@id":"https:\/\/www.nardosalento.com\/de\/#\/schema\/logo\/image\/"},"sameAs":["https:\/\/www.facebook.com\/vincent.decat","https:\/\/www.instagram.com\/nardosalento\/"]}]}},"_links":{"self":[{"href":"https:\/\/www.nardosalento.com\/de\/wp-json\/wp\/v2\/pages\/12497","targetHints":{"allow":["GET"]}}],"collection":[{"href":"https:\/\/www.nardosalento.com\/de\/wp-json\/wp\/v2\/pages"}],"about":[{"href":"https:\/\/www.nardosalento.com\/de\/wp-json\/wp\/v2\/types\/page"}],"author":[{"embeddable":true,"href":"https:\/\/www.nardosalento.com\/de\/wp-json\/wp\/v2\/users\/2"}],"replies":[{"embeddable":true,"href":"https:\/\/www.nardosalento.com\/de\/wp-json\/wp\/v2\/comments?post=12497"}],"version-history":[{"count":50,"href":"https:\/\/www.nardosalento.com\/de\/wp-json\/wp\/v2\/pages\/12497\/revisions"}],"predecessor-version":[{"id":23071,"href":"https:\/\/www.nardosalento.com\/de\/wp-json\/wp\/v2\/pages\/12497\/revisions\/23071"}],"wp:attachment":[{"href":"https:\/\/www.nardosalento.com\/de\/wp-json\/wp\/v2\/media?parent=12497"}],"curies":[{"name":"wp","href":"https:\/\/api.w.org\/{rel}","templated":true}]}}